{"id":5877,"date":"2025-03-24T19:01:35","date_gmt":"2025-03-24T19:01:35","guid":{"rendered":"https:\/\/elcoled.com\/project\/bzj-textile-factory\/"},"modified":"2025-06-03T12:11:38","modified_gmt":"2025-06-03T12:11:38","slug":"bzj-tekstil-fabrika","status":"publish","type":"project","link":"https:\/\/elcoled.com\/tr\/proje\/bzj-tekstil-fabrika\/","title":{"rendered":"BZJ Tekstil Fabrika"},"content":{"rendered":"<h2>Elcoled &#038; BZJ Tekstil: End\u00fcstriyel Zarafeti Ayd\u0131nlatmak<\/h2>\n<p>Elcoled olarak, Bursa, T\u00fcrkiye&#8217;deki yenilik\u00e7i fabrika ve ofis binas\u0131 projesinde BZJ Tekstil ile ger\u00e7ekle\u015ftirdi\u011fimiz kapsaml\u0131 ayd\u0131nlatma i\u015f birli\u011fini gururla sunuyoruz. Yazgan Design Architecture taraf\u0131ndan tasarlanan bu proje, modern end\u00fcstriyel mimaride \u00f6nemli bir referans noktas\u0131 olup, hem i\u015flevsel hem de estetik kimli\u011fin ayr\u0131lmaz bir par\u00e7as\u0131 olan bir ayd\u0131nlatma \u00e7\u00f6z\u00fcm\u00fc gerektirdi.<\/p>\n<h3>Zorluk: I\u015f\u0131k ile Mimari Vizyonu Bulu\u015fturmak<\/h3>\n<p>BZJ Tekstil binas\u0131n\u0131n mimari felsefesi \u015feffafl\u0131k, beton ve \u00e7elik gibi ham maddeler ve dinamik, a\u00e7\u0131k alanlar \u00fczerine kuruludur. Zorluk, \u00e7ok katmanl\u0131 bir ayd\u0131nlatma d\u00fczeni olu\u015fturmakt\u0131; bu d\u00fczen:<\/p>\n<ul>\n<li>So\u011fuk olmayan end\u00fcstriyel \u015f\u0131kl\u0131\u011f\u0131 g\u00fc\u00e7lendirecek.<\/li>\n<li>A\u00e7\u0131k plan alanlarda belirgin b\u00f6lgeler tan\u0131mlayacak.<\/li>\n<li>Ofisler ve showroomlar i\u00e7in y\u00fcksek kaliteli, enerji verimli g\u00f6rev ayd\u0131nlatmas\u0131 sa\u011flayacak.<\/li>\n<li>B\u00fcy\u00fck giri\u015f lobisinde etkileyici bir ilk izlenim yaratacak.<\/li>\n<\/ul>\n<h3>Elcoled \u00c7\u00f6z\u00fcm\u00fc: \u00d6zel Tasar\u0131m ve \u00dcretim<\/h3>\n<p>Elcoled ekibi olarak, mimarlar ve m\u00fc\u015fterilerle yak\u0131n i\u015f birli\u011fi i\u00e7inde, eksiksiz bir ayd\u0131nlatma \u00e7\u00f6z\u00fcm\u00fc tasarlay\u0131p m\u00fchendislik ve \u00fcretim s\u00fcre\u00e7lerini tamamlad\u0131k. \u0130stanbul&#8217;daki yerel \u00fcretim yeteneklerimizi kullanarak, projenin \u00f6l\u00e7e\u011fine ve tasar\u0131m anlay\u0131\u015f\u0131na tam uyumlu \u00f6zel armat\u00fcrler sa\u011flad\u0131k.<\/p>\n<h4>\u00d6ne \u00c7\u0131kan Ayd\u0131nlatma \u00c7\u00f6z\u00fcmleri<\/h4>\n<p>Bu proje, b\u00fcy\u00fck \u00f6l\u00e7ekli g\u00f6steri\u015fli par\u00e7alar ile hassas teknik ayd\u0131nlatmay\u0131 i\u00e7eren \u00fcretim \u00e7e\u015fitlili\u011fimizi ortaya koyuyor.<\/p>\n<h4>1. \u0130konik Halka Sark\u0131tlar<\/h4>\n<p>Lobinin merkezinde, \u00f6zel \u00fcretim b\u00fcy\u00fck \u00f6l\u00e7ekli dairesel sark\u0131tlar\u0131m\u0131z bulunuyor. Bu asma halkalar, yumu\u015fak ve ortam ayd\u0131nlatmas\u0131 sa\u011flayarak heykelsi bir merkez olu\u015fturuyor; g\u00f6zleri yukar\u0131 \u00e7ekiyor ve etkileyici spiral merdiveni tamaml\u0131yor.<\/p>\n<h4>2. Y\u00fcksek Performansl\u0131 Lineer Ayd\u0131nlatma<\/h4>\n<p>A\u00e7\u0131k plan ofisler ve toplant\u0131 odalar\u0131nda, \u015f\u0131k ve lineer asma armat\u00fcrlerimiz, optimal ve parlamas\u0131z g\u00f6rev ayd\u0131nlatmas\u0131 sa\u011fl\u0131yor. Minimalist tasar\u0131m\u0131, a\u00e7\u0131k tavan ve end\u00fcstriyel altyap\u0131 ile uyum i\u00e7inde \u00e7al\u0131\u015farak odaklanm\u0131\u015f ve verimli bir \u00e7al\u0131\u015fma ortam\u0131 yarat\u0131yor.<\/p>\n<h4>3. \u00c7ok Y\u00f6nl\u00fc Showroom ve Rayl\u0131 Ayd\u0131nlatma<\/h4>\n<p>M\u00fc\u015fteri showroomunda, esnek ve etkili bir sergi alan\u0131 olu\u015fturmak i\u00e7in \u00e7e\u015fitli armat\u00fcrler kullan\u0131ld\u0131. B\u00fcy\u00fck, dikd\u00f6rtgen asma \u0131\u015f\u0131k, ana masan\u0131n \u00fczerinde geni\u015f bir ayd\u0131nlatma sa\u011flarken, ayarlanabilir rayl\u0131 ayd\u0131nlatma sistemi tekstil ve \u00fcr\u00fcnlerin hassas vurgulanmas\u0131na olanak tan\u0131yor.<\/p>\n<h3>Proje Sonu\u00e7lar\u0131<\/h3>\n<p>Sonu\u00e7 olarak, BZJ Tekstil binas\u0131na hayat veren uyumlu bir ayd\u0131nlatma ortam\u0131 ortaya \u00e7\u0131kt\u0131. \u00c7\u00f6z\u00fcmlerimiz yaln\u0131zca modern \u00e7al\u0131\u015fma alan\u0131n\u0131n teknik gereksinimlerini kar\u015f\u0131lamakla kalmay\u0131p, mimari deneyimi y\u00fckselterek BZJ&#8217;nin tasar\u0131m ve inovasyon lideri olarak markas\u0131n\u0131 g\u00fc\u00e7lendirdi.<\/p>\n<h3>Bir Sonraki Projenizi Ayd\u0131nlatmaya Haz\u0131r m\u0131s\u0131n\u0131z?<\/h3>\n<p>\u0130ster mimar, ister tasar\u0131mc\u0131, ister i\u015fletme sahibi olun, Elcoled vizyonunuzu hayata ge\u00e7irecek uzmanl\u0131\u011fa sahiptir. En son teknolojiyi \u00f6zel tasar\u0131mla birle\u015ftirerek hem g\u00fczel hem de ak\u0131ll\u0131 ayd\u0131nlatmalar yarat\u0131yoruz.<\/p>\n<p><strong>Ayd\u0131nlatma ihtiya\u00e7lar\u0131n\u0131z\u0131 g\u00f6r\u00fc\u015fmek i\u00e7in Elcoled ile ileti\u015fime ge\u00e7in.<\/strong><\/p>\n","protected":false},"excerpt":{"rendered":"<p>Elcoled &#038; BZJ Tekstil: End\u00fcstriyel Zarafeti Ayd\u0131nlatmak Elcoled olarak, Bursa, &#8230;<\/p>\n","protected":false},"featured_media":542,"template":"","meta":{"_acf_changed":false},"class_list":["post-5877","project","type-project","status-publish","has-post-thumbnail","hentry"],"acf":[],"yoast_head":"<!-- This site is optimized with the Yoast SEO Premium plugin v25.1 (Yoast SEO v25.7) - https:\/\/yoast.com\/wordpress\/plugins\/seo\/ -->\n<title>BZJ Tekstil Fabrika - ELCOLED Solutions<\/title>\n<meta name=\"description\" content=\"Elcoled, BZJ Tekstil\u2019in Bursa\u2019daki \u00f6d\u00fcll\u00fc fabrikas\u0131 i\u00e7in \u00f6zel mimari ayd\u0131nlatma tasarlad\u0131 ve \u00fcretti. End\u00fcstriyel \u015f\u0131kl\u0131\u011f\u0131 ke\u015ffedin.\" \/>\n<meta name=\"robots\" content=\"index, follow, max-snippet:-1, max-image-preview:large, max-video-preview:-1\" \/>\n<link rel=\"canonical\" href=\"https:\/\/elcoled.com\/tr\/proje\/bzj-tekstil-fabrika\/\" \/>\n<meta property=\"og:locale\" content=\"tr_TR\" \/>\n<meta property=\"og:type\" content=\"article\" \/>\n<meta property=\"og:title\" content=\"BZJ Tekstil Fabrika\" \/>\n<meta property=\"og:description\" content=\"Elcoled, BZJ Tekstil\u2019in Bursa\u2019daki \u00f6d\u00fcll\u00fc fabrikas\u0131 i\u00e7in \u00f6zel mimari ayd\u0131nlatma tasarlad\u0131 ve \u00fcretti. End\u00fcstriyel \u015f\u0131kl\u0131\u011f\u0131 ke\u015ffedin.\" \/>\n<meta property=\"og:url\" content=\"https:\/\/elcoled.com\/tr\/proje\/bzj-tekstil-fabrika\/\" \/>\n<meta property=\"og:site_name\" content=\"ELCOLED Solutions\" \/>\n<meta property=\"article:publisher\" content=\"https:\/\/www.facebook.com\/elcoledsolutions\" \/>\n<meta property=\"article:modified_time\" content=\"2025-06-03T12:11:38+00:00\" \/>\n<meta property=\"og:image\" content=\"https:\/\/elcoled.com\/wp-content\/uploads\/2025\/03\/dummy_bzj_5.webp\" \/>\n\t<meta property=\"og:image:width\" content=\"960\" \/>\n\t<meta property=\"og:image:height\" content=\"640\" \/>\n\t<meta property=\"og:image:type\" content=\"image\/webp\" \/>\n<meta name=\"twitter:card\" content=\"summary_large_image\" \/>\n<meta name=\"twitter:label1\" content=\"Tahmini okuma s\u00fcresi\" \/>\n\t<meta name=\"twitter:data1\" content=\"2 dakika\" \/>\n<script type=\"application\/ld+json\" class=\"yoast-schema-graph\">{\"@context\":\"https:\/\/schema.org\",\"@graph\":[{\"@type\":\"WebPage\",\"@id\":\"https:\/\/elcoled.com\/tr\/proje\/bzj-tekstil-fabrika\/\",\"url\":\"https:\/\/elcoled.com\/tr\/proje\/bzj-tekstil-fabrika\/\",\"name\":\"BZJ Tekstil Fabrika - ELCOLED Solutions\",\"isPartOf\":{\"@id\":\"https:\/\/elcoled.com\/#website\"},\"primaryImageOfPage\":{\"@id\":\"https:\/\/elcoled.com\/tr\/proje\/bzj-tekstil-fabrika\/#primaryimage\"},\"image\":{\"@id\":\"https:\/\/elcoled.com\/tr\/proje\/bzj-tekstil-fabrika\/#primaryimage\"},\"thumbnailUrl\":\"https:\/\/elcoled.com\/wp-content\/uploads\/2025\/03\/dummy_bzj_5.webp\",\"datePublished\":\"2025-03-24T19:01:35+00:00\",\"dateModified\":\"2025-06-03T12:11:38+00:00\",\"description\":\"Elcoled, BZJ Tekstil\u2019in Bursa\u2019daki \u00f6d\u00fcll\u00fc fabrikas\u0131 i\u00e7in \u00f6zel mimari ayd\u0131nlatma tasarlad\u0131 ve \u00fcretti. End\u00fcstriyel \u015f\u0131kl\u0131\u011f\u0131 ke\u015ffedin.\",\"breadcrumb\":{\"@id\":\"https:\/\/elcoled.com\/tr\/proje\/bzj-tekstil-fabrika\/#breadcrumb\"},\"inLanguage\":\"tr\",\"potentialAction\":[{\"@type\":\"ReadAction\",\"target\":[\"https:\/\/elcoled.com\/tr\/proje\/bzj-tekstil-fabrika\/\"]}]},{\"@type\":\"ImageObject\",\"inLanguage\":\"tr\",\"@id\":\"https:\/\/elcoled.com\/tr\/proje\/bzj-tekstil-fabrika\/#primaryimage\",\"url\":\"https:\/\/elcoled.com\/wp-content\/uploads\/2025\/03\/dummy_bzj_5.webp\",\"contentUrl\":\"https:\/\/elcoled.com\/wp-content\/uploads\/2025\/03\/dummy_bzj_5.webp\",\"width\":960,\"height\":640},{\"@type\":\"BreadcrumbList\",\"@id\":\"https:\/\/elcoled.com\/tr\/proje\/bzj-tekstil-fabrika\/#breadcrumb\",\"itemListElement\":[{\"@type\":\"ListItem\",\"position\":1,\"name\":\"Home\",\"item\":\"https:\/\/elcoled.com\/tr\/\"},{\"@type\":\"ListItem\",\"position\":2,\"name\":\"Projects\",\"item\":\"https:\/\/elcoled.com\/project\/\"},{\"@type\":\"ListItem\",\"position\":3,\"name\":\"BZJ Tekstil Fabrika\"}]},{\"@type\":\"WebSite\",\"@id\":\"https:\/\/elcoled.com\/#website\",\"url\":\"https:\/\/elcoled.com\/\",\"name\":\"ELCOLED Solutions\",\"description\":\"\",\"publisher\":{\"@id\":\"https:\/\/elcoled.com\/#organization\"},\"potentialAction\":[{\"@type\":\"SearchAction\",\"target\":{\"@type\":\"EntryPoint\",\"urlTemplate\":\"https:\/\/elcoled.com\/?s={search_term_string}\"},\"query-input\":{\"@type\":\"PropertyValueSpecification\",\"valueRequired\":true,\"valueName\":\"search_term_string\"}}],\"inLanguage\":\"tr\"},{\"@type\":\"Organization\",\"@id\":\"https:\/\/elcoled.com\/#organization\",\"name\":\"ELCOLED Solutions\",\"url\":\"https:\/\/elcoled.com\/\",\"logo\":{\"@type\":\"ImageObject\",\"inLanguage\":\"tr\",\"@id\":\"https:\/\/elcoled.com\/#\/schema\/logo\/image\/\",\"url\":\"https:\/\/elcoled.com\/wp-content\/uploads\/2025\/03\/Logo_BlackELCO_.webp\",\"contentUrl\":\"https:\/\/elcoled.com\/wp-content\/uploads\/2025\/03\/Logo_BlackELCO_.webp\",\"width\":145,\"height\":147,\"caption\":\"ELCOLED Solutions\"},\"image\":{\"@id\":\"https:\/\/elcoled.com\/#\/schema\/logo\/image\/\"},\"sameAs\":[\"https:\/\/www.facebook.com\/elcoledsolutions\",\"https:\/\/www.instagram.com\/elcoledsolutions\/\"]}]}<\/script>\n<!-- \/ Yoast SEO Premium plugin. -->","yoast_head_json":{"title":"BZJ Tekstil Fabrika - ELCOLED Solutions","description":"Elcoled, BZJ Tekstil\u2019in Bursa\u2019daki \u00f6d\u00fcll\u00fc fabrikas\u0131 i\u00e7in \u00f6zel mimari ayd\u0131nlatma tasarlad\u0131 ve \u00fcretti. End\u00fcstriyel \u015f\u0131kl\u0131\u011f\u0131 ke\u015ffedin.","robots":{"index":"index","follow":"follow","max-snippet":"max-snippet:-1","max-image-preview":"max-image-preview:large","max-video-preview":"max-video-preview:-1"},"canonical":"https:\/\/elcoled.com\/tr\/proje\/bzj-tekstil-fabrika\/","og_locale":"tr_TR","og_type":"article","og_title":"BZJ Tekstil Fabrika","og_description":"Elcoled, BZJ Tekstil\u2019in Bursa\u2019daki \u00f6d\u00fcll\u00fc fabrikas\u0131 i\u00e7in \u00f6zel mimari ayd\u0131nlatma tasarlad\u0131 ve \u00fcretti. End\u00fcstriyel \u015f\u0131kl\u0131\u011f\u0131 ke\u015ffedin.","og_url":"https:\/\/elcoled.com\/tr\/proje\/bzj-tekstil-fabrika\/","og_site_name":"ELCOLED Solutions","article_publisher":"https:\/\/www.facebook.com\/elcoledsolutions","article_modified_time":"2025-06-03T12:11:38+00:00","og_image":[{"width":960,"height":640,"url":"https:\/\/elcoled.com\/wp-content\/uploads\/2025\/03\/dummy_bzj_5.webp","type":"image\/webp"}],"twitter_card":"summary_large_image","twitter_misc":{"Tahmini okuma s\u00fcresi":"2 dakika"},"schema":{"@context":"https:\/\/schema.org","@graph":[{"@type":"WebPage","@id":"https:\/\/elcoled.com\/tr\/proje\/bzj-tekstil-fabrika\/","url":"https:\/\/elcoled.com\/tr\/proje\/bzj-tekstil-fabrika\/","name":"BZJ Tekstil Fabrika - ELCOLED Solutions","isPartOf":{"@id":"https:\/\/elcoled.com\/#website"},"primaryImageOfPage":{"@id":"https:\/\/elcoled.com\/tr\/proje\/bzj-tekstil-fabrika\/#primaryimage"},"image":{"@id":"https:\/\/elcoled.com\/tr\/proje\/bzj-tekstil-fabrika\/#primaryimage"},"thumbnailUrl":"https:\/\/elcoled.com\/wp-content\/uploads\/2025\/03\/dummy_bzj_5.webp","datePublished":"2025-03-24T19:01:35+00:00","dateModified":"2025-06-03T12:11:38+00:00","description":"Elcoled, BZJ Tekstil\u2019in Bursa\u2019daki \u00f6d\u00fcll\u00fc fabrikas\u0131 i\u00e7in \u00f6zel mimari ayd\u0131nlatma tasarlad\u0131 ve \u00fcretti. End\u00fcstriyel \u015f\u0131kl\u0131\u011f\u0131 ke\u015ffedin.","breadcrumb":{"@id":"https:\/\/elcoled.com\/tr\/proje\/bzj-tekstil-fabrika\/#breadcrumb"},"inLanguage":"tr","potentialAction":[{"@type":"ReadAction","target":["https:\/\/elcoled.com\/tr\/proje\/bzj-tekstil-fabrika\/"]}]},{"@type":"ImageObject","inLanguage":"tr","@id":"https:\/\/elcoled.com\/tr\/proje\/bzj-tekstil-fabrika\/#primaryimage","url":"https:\/\/elcoled.com\/wp-content\/uploads\/2025\/03\/dummy_bzj_5.webp","contentUrl":"https:\/\/elcoled.com\/wp-content\/uploads\/2025\/03\/dummy_bzj_5.webp","width":960,"height":640},{"@type":"BreadcrumbList","@id":"https:\/\/elcoled.com\/tr\/proje\/bzj-tekstil-fabrika\/#breadcrumb","itemListElement":[{"@type":"ListItem","position":1,"name":"Home","item":"https:\/\/elcoled.com\/tr\/"},{"@type":"ListItem","position":2,"name":"Projects","item":"https:\/\/elcoled.com\/project\/"},{"@type":"ListItem","position":3,"name":"BZJ Tekstil Fabrika"}]},{"@type":"WebSite","@id":"https:\/\/elcoled.com\/#website","url":"https:\/\/elcoled.com\/","name":"ELCOLED Solutions","description":"","publisher":{"@id":"https:\/\/elcoled.com\/#organization"},"potentialAction":[{"@type":"SearchAction","target":{"@type":"EntryPoint","urlTemplate":"https:\/\/elcoled.com\/?s={search_term_string}"},"query-input":{"@type":"PropertyValueSpecification","valueRequired":true,"valueName":"search_term_string"}}],"inLanguage":"tr"},{"@type":"Organization","@id":"https:\/\/elcoled.com\/#organization","name":"ELCOLED Solutions","url":"https:\/\/elcoled.com\/","logo":{"@type":"ImageObject","inLanguage":"tr","@id":"https:\/\/elcoled.com\/#\/schema\/logo\/image\/","url":"https:\/\/elcoled.com\/wp-content\/uploads\/2025\/03\/Logo_BlackELCO_.webp","contentUrl":"https:\/\/elcoled.com\/wp-content\/uploads\/2025\/03\/Logo_BlackELCO_.webp","width":145,"height":147,"caption":"ELCOLED Solutions"},"image":{"@id":"https:\/\/elcoled.com\/#\/schema\/logo\/image\/"},"sameAs":["https:\/\/www.facebook.com\/elcoledsolutions","https:\/\/www.instagram.com\/elcoledsolutions\/"]}]}},"_links":{"self":[{"href":"https:\/\/elcoled.com\/tr\/wp-json\/wp\/v2\/project\/5877","targetHints":{"allow":["GET"]}}],"collection":[{"href":"https:\/\/elcoled.com\/tr\/wp-json\/wp\/v2\/project"}],"about":[{"href":"https:\/\/elcoled.com\/tr\/wp-json\/wp\/v2\/types\/project"}],"wp:featuredmedia":[{"embeddable":true,"href":"https:\/\/elcoled.com\/tr\/wp-json\/wp\/v2\/media\/542"}],"wp:attachment":[{"href":"https:\/\/elcoled.com\/tr\/wp-json\/wp\/v2\/media?parent=5877"}],"curies":[{"name":"wp","href":"https:\/\/api.w.org\/{rel}","templated":true}]}}