{"id":5464,"date":"2025-05-21T06:22:03","date_gmt":"2025-05-21T06:22:03","guid":{"rendered":"https:\/\/elcoled.com\/product\/edr-re\/"},"modified":"2025-08-22T07:36:11","modified_gmt":"2025-08-22T07:36:11","slug":"re-serisi-siva-alti-spot","status":"publish","type":"product","link":"https:\/\/elcoled.com\/tr\/urun\/re-serisi-siva-alti-spot\/","title":{"rendered":"Elco Downlight RE Serisi"},"content":{"rendered":"<p data-start=\"3062\" data-end=\"3356\">Elco LED Solutions\u2019\u0131n <strong data-start=\"3084\" data-end=\"3112\">RE Serisi s\u0131va alt\u0131 spot<\/strong> ailesinden EDR-RE modeli, \u015f\u0131kl\u0131k, y\u00fcksek verimlilik ve fonksiyonelli\u011fi bir araya getiriyor. \u0130\u00e7 mekanlar\u0131n farkl\u0131 tasar\u0131m stillerine uyum sa\u011flamak i\u00e7in sunulan reflekt\u00f6r halka renk se\u00e7enekleri, projelere estetik a\u00e7\u0131dan \u00f6nemli bir katk\u0131 yap\u0131yor.<\/p>\n<p data-start=\"3358\" data-end=\"3643\">3, 4, 5, 6, 7 ve 8 in\u00e7 olmak \u00fczere geni\u015f bir \u00f6l\u00e7\u00fc yelpazesinde \u00fcretilen RE Serisi, ofislerden ma\u011fazalara, otellerden konutlara kadar \u00e7ok \u00e7e\u015fitli uygulamalara rahatl\u0131kla entegre edilebiliyor. Bu geni\u015f boyut se\u00e7ene\u011fi, her projenin ihtiya\u00e7lar\u0131na uygun do\u011fru \u00fcr\u00fcn\u00fc bulmay\u0131 kolayla\u015ft\u0131r\u0131yor.<\/p>\n<p data-start=\"3645\" data-end=\"3847\">EDR-RE\u2019nin \u00f6zel tasarlanm\u0131\u015f reflekt\u00f6r halkalar\u0131, \u0131\u015f\u0131k da\u011f\u0131l\u0131m\u0131n\u0131 optimize ederek homojen ayd\u0131nlatma ve d\u00fc\u015f\u00fck kama\u015fma sa\u011fl\u0131yor. B\u00f6ylece mekanlarda daha konforlu ve g\u00f6z\u00fc yormayan bir atmosfer yarat\u0131l\u0131yor.<\/p>\n<p data-start=\"3849\" data-end=\"4129\">Dayan\u0131kl\u0131 malzeme kullan\u0131m\u0131 ve Elco LED\u2019in ileri LED teknolojisi sayesinde RE Serisi s\u0131va alt\u0131 spotlar uzun \u00f6m\u00fcrl\u00fc performans sunuyor, bak\u0131m gereksinimini minimumda tutuyor. Minimalist ve modern \u00e7izgileri, tavanlarda zarif bir g\u00f6r\u00fcn\u00fcm olu\u015ftururken mimari detaylarla uyum sa\u011fl\u0131yor.<\/p>\n<p data-start=\"4131\" data-end=\"4372\">Geni\u015f boyut ve renk se\u00e7enekleriyle hem yeni in\u015faatlarda hem renovasyon projelerinde tercih edilen <strong data-start=\"4229\" data-end=\"4257\">RE Serisi s\u0131va alt\u0131 spot<\/strong>, ayd\u0131nlatma tasar\u0131mc\u0131lar\u0131 ve mimarlar taraf\u0131ndan stil ve fonksiyonelli\u011fin birle\u015fimi olarak y\u00fcksek takdir topluyor.<\/p>\n","protected":false},"excerpt":{"rendered":"<p>EDR-RE, RE Serisi\u2019nin \u015f\u0131k, y\u00fcksek verimli ve \u00e7ok renkli reflekt\u00f6r halkal\u0131 s\u0131va alt\u0131 LED spot modelidir.<\/p>\n","protected":false},"featured_media":7029,"comment_status":"open","ping_status":"closed","template":"","meta":{"_acf_changed":false},"product_brand":[],"product_cat":[137],"product_tag":[],"class_list":{"0":"post-5464","1":"product","2":"type-product","3":"status-publish","4":"has-post-thumbnail","6":"product_cat-siva-alti","8":"first","9":"instock","10":"shipping-taxable","11":"product-type-simple"},"acf":[],"yoast_head":"<!-- This site is optimized with the Yoast SEO Premium plugin v25.1 (Yoast SEO v25.7) - https:\/\/yoast.com\/wordpress\/plugins\/seo\/ -->\n<title>RE Serisi S\u0131va Alt\u0131 Spot EDR-RE \u2013 Elco LED Ayd\u0131nlatma<\/title>\n<meta name=\"description\" content=\"RE Serisi s\u0131va alt\u0131 spot EDR-RE, farkl\u0131 reflekt\u00f6r renkleri ve geni\u015f boyut se\u00e7enekleriyle \u015f\u0131k ve verimli i\u00e7 mekan ayd\u0131nlatmas\u0131 sunar.\" \/>\n<meta name=\"robots\" content=\"index, follow, max-snippet:-1, max-image-preview:large, max-video-preview:-1\" \/>\n<link rel=\"canonical\" href=\"https:\/\/elcoled.com\/tr\/urun\/re-serisi-siva-alti-spot\/\" \/>\n<meta property=\"og:locale\" content=\"tr_TR\" \/>\n<meta property=\"og:type\" content=\"article\" \/>\n<meta property=\"og:title\" content=\"Elco Downlight RE Serisi\" \/>\n<meta property=\"og:description\" content=\"RE Serisi s\u0131va alt\u0131 spot EDR-RE, farkl\u0131 reflekt\u00f6r renkleri ve geni\u015f boyut se\u00e7enekleriyle \u015f\u0131k ve verimli i\u00e7 mekan ayd\u0131nlatmas\u0131 sunar.\" \/>\n<meta property=\"og:url\" content=\"https:\/\/elcoled.com\/tr\/urun\/re-serisi-siva-alti-spot\/\" \/>\n<meta property=\"og:site_name\" content=\"ELCOLED Solutions\" \/>\n<meta property=\"article:publisher\" content=\"https:\/\/www.facebook.com\/elcoledsolutions\" \/>\n<meta property=\"article:modified_time\" content=\"2025-08-22T07:36:11+00:00\" \/>\n<meta property=\"og:image\" content=\"https:\/\/elcoled.com\/wp-content\/uploads\/2025\/07\/EDR-REX.jpg\" \/>\n\t<meta property=\"og:image:width\" content=\"960\" \/>\n\t<meta property=\"og:image:height\" content=\"960\" \/>\n\t<meta property=\"og:image:type\" content=\"image\/jpeg\" \/>\n<meta name=\"twitter:card\" content=\"summary_large_image\" \/>\n<meta name=\"twitter:label1\" content=\"Tahmini okuma s\u00fcresi\" \/>\n\t<meta name=\"twitter:data1\" content=\"1 dakika\" \/>\n<script type=\"application\/ld+json\" class=\"yoast-schema-graph\">{\"@context\":\"https:\/\/schema.org\",\"@graph\":[{\"@type\":\"WebPage\",\"@id\":\"https:\/\/elcoled.com\/tr\/urun\/re-serisi-siva-alti-spot\/\",\"url\":\"https:\/\/elcoled.com\/tr\/urun\/re-serisi-siva-alti-spot\/\",\"name\":\"RE Serisi S\u0131va Alt\u0131 Spot EDR-RE \u2013 Elco LED Ayd\u0131nlatma\",\"isPartOf\":{\"@id\":\"https:\/\/elcoled.com\/#website\"},\"primaryImageOfPage\":{\"@id\":\"https:\/\/elcoled.com\/tr\/urun\/re-serisi-siva-alti-spot\/#primaryimage\"},\"image\":{\"@id\":\"https:\/\/elcoled.com\/tr\/urun\/re-serisi-siva-alti-spot\/#primaryimage\"},\"thumbnailUrl\":\"https:\/\/elcoled.com\/wp-content\/uploads\/2025\/07\/EDR-REX.jpg\",\"datePublished\":\"2025-05-21T06:22:03+00:00\",\"dateModified\":\"2025-08-22T07:36:11+00:00\",\"description\":\"RE Serisi s\u0131va alt\u0131 spot EDR-RE, farkl\u0131 reflekt\u00f6r renkleri ve geni\u015f boyut se\u00e7enekleriyle \u015f\u0131k ve verimli i\u00e7 mekan ayd\u0131nlatmas\u0131 sunar.\",\"breadcrumb\":{\"@id\":\"https:\/\/elcoled.com\/tr\/urun\/re-serisi-siva-alti-spot\/#breadcrumb\"},\"inLanguage\":\"tr\",\"potentialAction\":[{\"@type\":\"ReadAction\",\"target\":[\"https:\/\/elcoled.com\/tr\/urun\/re-serisi-siva-alti-spot\/\"]}]},{\"@type\":\"ImageObject\",\"inLanguage\":\"tr\",\"@id\":\"https:\/\/elcoled.com\/tr\/urun\/re-serisi-siva-alti-spot\/#primaryimage\",\"url\":\"https:\/\/elcoled.com\/wp-content\/uploads\/2025\/07\/EDR-REX.jpg\",\"contentUrl\":\"https:\/\/elcoled.com\/wp-content\/uploads\/2025\/07\/EDR-REX.jpg\",\"width\":960,\"height\":960,\"caption\":\"RE Series recessed spot EDR-RE, LED fixture with multi-color reflector rings\"},{\"@type\":\"BreadcrumbList\",\"@id\":\"https:\/\/elcoled.com\/tr\/urun\/re-serisi-siva-alti-spot\/#breadcrumb\",\"itemListElement\":[{\"@type\":\"ListItem\",\"position\":1,\"name\":\"Home\",\"item\":\"https:\/\/elcoled.com\/tr\/\"},{\"@type\":\"ListItem\",\"position\":2,\"name\":\"\u00dcr\u00fcnler\",\"item\":\"https:\/\/elcoled.com\/tr\/urunler\/\"},{\"@type\":\"ListItem\",\"position\":3,\"name\":\"Elco Downlight RE Serisi\"}]},{\"@type\":\"WebSite\",\"@id\":\"https:\/\/elcoled.com\/#website\",\"url\":\"https:\/\/elcoled.com\/\",\"name\":\"ELCOLED Solutions\",\"description\":\"\",\"publisher\":{\"@id\":\"https:\/\/elcoled.com\/#organization\"},\"potentialAction\":[{\"@type\":\"SearchAction\",\"target\":{\"@type\":\"EntryPoint\",\"urlTemplate\":\"https:\/\/elcoled.com\/?s={search_term_string}\"},\"query-input\":{\"@type\":\"PropertyValueSpecification\",\"valueRequired\":true,\"valueName\":\"search_term_string\"}}],\"inLanguage\":\"tr\"},{\"@type\":\"Organization\",\"@id\":\"https:\/\/elcoled.com\/#organization\",\"name\":\"ELCOLED Solutions\",\"url\":\"https:\/\/elcoled.com\/\",\"logo\":{\"@type\":\"ImageObject\",\"inLanguage\":\"tr\",\"@id\":\"https:\/\/elcoled.com\/#\/schema\/logo\/image\/\",\"url\":\"https:\/\/elcoled.com\/wp-content\/uploads\/2025\/03\/Logo_BlackELCO_.webp\",\"contentUrl\":\"https:\/\/elcoled.com\/wp-content\/uploads\/2025\/03\/Logo_BlackELCO_.webp\",\"width\":145,\"height\":147,\"caption\":\"ELCOLED Solutions\"},\"image\":{\"@id\":\"https:\/\/elcoled.com\/#\/schema\/logo\/image\/\"},\"sameAs\":[\"https:\/\/www.facebook.com\/elcoledsolutions\",\"https:\/\/www.instagram.com\/elcoledsolutions\/\"]}]}<\/script>\n<!-- \/ Yoast SEO Premium plugin. -->","yoast_head_json":{"title":"RE Serisi S\u0131va Alt\u0131 Spot EDR-RE \u2013 Elco LED Ayd\u0131nlatma","description":"RE Serisi s\u0131va alt\u0131 spot EDR-RE, farkl\u0131 reflekt\u00f6r renkleri ve geni\u015f boyut se\u00e7enekleriyle \u015f\u0131k ve verimli i\u00e7 mekan ayd\u0131nlatmas\u0131 sunar.","robots":{"index":"index","follow":"follow","max-snippet":"max-snippet:-1","max-image-preview":"max-image-preview:large","max-video-preview":"max-video-preview:-1"},"canonical":"https:\/\/elcoled.com\/tr\/urun\/re-serisi-siva-alti-spot\/","og_locale":"tr_TR","og_type":"article","og_title":"Elco Downlight RE Serisi","og_description":"RE Serisi s\u0131va alt\u0131 spot EDR-RE, farkl\u0131 reflekt\u00f6r renkleri ve geni\u015f boyut se\u00e7enekleriyle \u015f\u0131k ve verimli i\u00e7 mekan ayd\u0131nlatmas\u0131 sunar.","og_url":"https:\/\/elcoled.com\/tr\/urun\/re-serisi-siva-alti-spot\/","og_site_name":"ELCOLED Solutions","article_publisher":"https:\/\/www.facebook.com\/elcoledsolutions","article_modified_time":"2025-08-22T07:36:11+00:00","og_image":[{"width":960,"height":960,"url":"https:\/\/elcoled.com\/wp-content\/uploads\/2025\/07\/EDR-REX.jpg","type":"image\/jpeg"}],"twitter_card":"summary_large_image","twitter_misc":{"Tahmini okuma s\u00fcresi":"1 dakika"},"schema":{"@context":"https:\/\/schema.org","@graph":[{"@type":"WebPage","@id":"https:\/\/elcoled.com\/tr\/urun\/re-serisi-siva-alti-spot\/","url":"https:\/\/elcoled.com\/tr\/urun\/re-serisi-siva-alti-spot\/","name":"RE Serisi S\u0131va Alt\u0131 Spot EDR-RE \u2013 Elco LED Ayd\u0131nlatma","isPartOf":{"@id":"https:\/\/elcoled.com\/#website"},"primaryImageOfPage":{"@id":"https:\/\/elcoled.com\/tr\/urun\/re-serisi-siva-alti-spot\/#primaryimage"},"image":{"@id":"https:\/\/elcoled.com\/tr\/urun\/re-serisi-siva-alti-spot\/#primaryimage"},"thumbnailUrl":"https:\/\/elcoled.com\/wp-content\/uploads\/2025\/07\/EDR-REX.jpg","datePublished":"2025-05-21T06:22:03+00:00","dateModified":"2025-08-22T07:36:11+00:00","description":"RE Serisi s\u0131va alt\u0131 spot EDR-RE, farkl\u0131 reflekt\u00f6r renkleri ve geni\u015f boyut se\u00e7enekleriyle \u015f\u0131k ve verimli i\u00e7 mekan ayd\u0131nlatmas\u0131 sunar.","breadcrumb":{"@id":"https:\/\/elcoled.com\/tr\/urun\/re-serisi-siva-alti-spot\/#breadcrumb"},"inLanguage":"tr","potentialAction":[{"@type":"ReadAction","target":["https:\/\/elcoled.com\/tr\/urun\/re-serisi-siva-alti-spot\/"]}]},{"@type":"ImageObject","inLanguage":"tr","@id":"https:\/\/elcoled.com\/tr\/urun\/re-serisi-siva-alti-spot\/#primaryimage","url":"https:\/\/elcoled.com\/wp-content\/uploads\/2025\/07\/EDR-REX.jpg","contentUrl":"https:\/\/elcoled.com\/wp-content\/uploads\/2025\/07\/EDR-REX.jpg","width":960,"height":960,"caption":"RE Series recessed spot EDR-RE, LED fixture with multi-color reflector rings"},{"@type":"BreadcrumbList","@id":"https:\/\/elcoled.com\/tr\/urun\/re-serisi-siva-alti-spot\/#breadcrumb","itemListElement":[{"@type":"ListItem","position":1,"name":"Home","item":"https:\/\/elcoled.com\/tr\/"},{"@type":"ListItem","position":2,"name":"\u00dcr\u00fcnler","item":"https:\/\/elcoled.com\/tr\/urunler\/"},{"@type":"ListItem","position":3,"name":"Elco Downlight RE Serisi"}]},{"@type":"WebSite","@id":"https:\/\/elcoled.com\/#website","url":"https:\/\/elcoled.com\/","name":"ELCOLED Solutions","description":"","publisher":{"@id":"https:\/\/elcoled.com\/#organization"},"potentialAction":[{"@type":"SearchAction","target":{"@type":"EntryPoint","urlTemplate":"https:\/\/elcoled.com\/?s={search_term_string}"},"query-input":{"@type":"PropertyValueSpecification","valueRequired":true,"valueName":"search_term_string"}}],"inLanguage":"tr"},{"@type":"Organization","@id":"https:\/\/elcoled.com\/#organization","name":"ELCOLED Solutions","url":"https:\/\/elcoled.com\/","logo":{"@type":"ImageObject","inLanguage":"tr","@id":"https:\/\/elcoled.com\/#\/schema\/logo\/image\/","url":"https:\/\/elcoled.com\/wp-content\/uploads\/2025\/03\/Logo_BlackELCO_.webp","contentUrl":"https:\/\/elcoled.com\/wp-content\/uploads\/2025\/03\/Logo_BlackELCO_.webp","width":145,"height":147,"caption":"ELCOLED Solutions"},"image":{"@id":"https:\/\/elcoled.com\/#\/schema\/logo\/image\/"},"sameAs":["https:\/\/www.facebook.com\/elcoledsolutions","https:\/\/www.instagram.com\/elcoledsolutions\/"]}]}},"_links":{"self":[{"href":"https:\/\/elcoled.com\/tr\/wp-json\/wp\/v2\/product\/5464","targetHints":{"allow":["GET"]}}],"collection":[{"href":"https:\/\/elcoled.com\/tr\/wp-json\/wp\/v2\/product"}],"about":[{"href":"https:\/\/elcoled.com\/tr\/wp-json\/wp\/v2\/types\/product"}],"replies":[{"embeddable":true,"href":"https:\/\/elcoled.com\/tr\/wp-json\/wp\/v2\/comments?post=5464"}],"wp:featuredmedia":[{"embeddable":true,"href":"https:\/\/elcoled.com\/tr\/wp-json\/wp\/v2\/media\/7029"}],"wp:attachment":[{"href":"https:\/\/elcoled.com\/tr\/wp-json\/wp\/v2\/media?parent=5464"}],"wp:term":[{"taxonomy":"product_brand","embeddable":true,"href":"https:\/\/elcoled.com\/tr\/wp-json\/wp\/v2\/product_brand?post=5464"},{"taxonomy":"product_cat","embeddable":true,"href":"https:\/\/elcoled.com\/tr\/wp-json\/wp\/v2\/product_cat?post=5464"},{"taxonomy":"product_tag","embeddable":true,"href":"https:\/\/elcoled.com\/tr\/wp-json\/wp\/v2\/product_tag?post=5464"}],"curies":[{"name":"wp","href":"https:\/\/api.w.org\/{rel}","templated":true}]}}